{"id":6682,"date":"2023-09-21T06:10:09","date_gmt":"2023-09-21T06:10:09","guid":{"rendered":"http:\/\/ibn.wyd.mybluehost.me\/reanpackaging.com\/product\/wholesale-with-your-own-logo-reusable-paper-packaging-bags-for-small-businesses-plain-cheap-brown-paper-bags-with-handles\/"},"modified":"2024-10-01T16:59:40","modified_gmt":"2024-10-01T16:59:40","slug":"wholesale-with-your-own-logo-reusable-paper-packaging-bags-for-small-businesses-plain-cheap-brown-paper-bags-with-handles","status":"publish","type":"product","link":"https:\/\/reanpackaging.com\/cs\/produkt\/velkoobchod-s-vlastnim-logem-opakovane-pouzitelne-papirove-obalove-tasky-pro-male-podniky-obycejne-levne-hnede-papirove-tasky-s-uchy\/","title":{"rendered":"Velkoobchod s vlastn\u00edm logem Opakovan\u011b pou\u017eiteln\u00e9 pap\u00edrov\u00e9 obalov\u00e9 ta\u0161ky pro mal\u00e9 podniky Prost\u00e9 levn\u00e9 hn\u011bd\u00e9 pap\u00edrov\u00e9 ta\u0161ky s dr\u017eadly"},"content":{"rendered":"<h4>Atributy specifick\u00e9 pro dan\u00e9 odv\u011btv\u00ed<\/h4>\n<table border=\"1\">\n<tbody>\n<tr>\n<td><strong>Pr\u016fmyslov\u00e9 vyu\u017eit\u00ed<\/strong><\/td>\n<td>Obuv a oble\u010den\u00ed<\/td>\n<\/tr>\n<tr>\n<td><strong>Typ pap\u00edru<\/strong><\/td>\n<td>Kraftov\u00fd pap\u00edr<\/td>\n<\/tr>\n<tr>\n<td><strong>Funkce<\/strong><\/td>\n<td>Recyklovateln\u00e9<\/td>\n<\/tr>\n<\/tbody>\n<\/table>\n<h4>Dal\u0161\u00ed atributy<\/h4>\n<table border=\"1\">\n<tbody>\n<tr>\n<td><strong>M\u00edsto p\u016fvodu<\/strong><\/td>\n<td>\u010c\u00edna<\/td>\n<\/tr>\n<tr>\n<td><strong>N\u00e1zev zna\u010dky<\/strong><\/td>\n<td>TOPS<\/td>\n<\/tr>\n<tr>\n<td><strong>\u010c\u00edslo modelu<\/strong><\/td>\n<td>TOPS18<\/td>\n<\/tr>\n<tr>\n<td><strong>Manipulace s povrchem<\/strong><\/td>\n<td>Ofsetov\u00fd tisk<\/td>\n<\/tr>\n<tr>\n<td><strong>T\u011bsn\u011bn\u00ed a rukoje\u0165<\/strong><\/td>\n<td>D\u00e9lka rukojeti<\/td>\n<\/tr>\n<tr>\n<td><strong>Vlastn\u00ed objedn\u00e1vka<\/strong><\/td>\n<td>P\u0159ijmout<\/td>\n<\/tr>\n<tr>\n<td><strong>N\u00e1zev produktu<\/strong><\/td>\n<td>Kraftov\u00e1 pap\u00edrov\u00e1 ta\u0161ka<\/td>\n<\/tr>\n<tr>\n<td><strong>Materi\u00e1l<\/strong><\/td>\n<td>\u0158emesln\u00fd pap\u00edr<\/td>\n<\/tr>\n<tr>\n<td><strong>Pou\u017eit\u00ed<\/strong><\/td>\n<td>Pap\u00edrov\u00e1 d\u00e1rkov\u00e1 ta\u0161ka, n\u00e1kupn\u00ed ta\u0161ka, ta\u0161ka na nosi\u010d, reklamn\u00ed ta\u0161ka<\/td>\n<\/tr>\n<tr>\n<td><strong>Funkce<\/strong><\/td>\n<td>Recyklovateln\u00e9<\/td>\n<\/tr>\n<tr>\n<td><strong>Rukoje\u0165<\/strong><\/td>\n<td>Kroucen\u00e1 pap\u00edrov\u00e1 rukoje\u0165<\/td>\n<\/tr>\n<tr>\n<td><strong>Velikost<\/strong><\/td>\n<td>P\u0159izp\u016fsoben\u00e1 velikost<\/td>\n<\/tr>\n<tr>\n<td><strong>Logo<\/strong><\/td>\n<td>P\u0159ijmout p\u0159izp\u016fsoben\u00e9 logo<\/td>\n<\/tr>\n<tr>\n<td><strong>Barva<\/strong><\/td>\n<td>P\u0159izp\u016fsoben\u00e1 barva<\/td>\n<\/tr>\n<tr>\n<td><strong>Styl<\/strong><\/td>\n<td>Obl\u00edben\u00e9 str\u00e1nky<\/td>\n<\/tr>\n<tr>\n<td><strong>MOQ<\/strong><\/td>\n<td>50ks<\/td>\n<\/tr>\n<\/tbody>\n<\/table>\n<p>&nbsp;<\/p>\n<p><img fetchpriority=\"high\" decoding=\"async\" class=\"alignnone wp-image-6723\" src=\"http:\/\/ibn.wyd.mybluehost.me\/reanpackaging.com\/wp-content\/uploads\/2023\/09\/1-min-4-300x300.jpg\" alt=\"velkoobchod s vlastn\u00edm logem opakovan\u011b pou\u017eiteln\u00e9 pap\u00edrov\u00e9 obalov\u00e9 ta\u0161ky pro mal\u00e9 podniky oby\u010dejn\u00e9 levn\u00e9 hn\u011bd\u00e9 pap\u00edrov\u00e9 ta\u0161ky s uchy\" width=\"1301\" height=\"1301\" srcset=\"https:\/\/reanpackaging.com\/wp-content\/uploads\/2023\/09\/1-min-4-300x300.jpg 300w, https:\/\/reanpackaging.com\/wp-content\/uploads\/2023\/09\/1-min-4-150x150.jpg 150w, https:\/\/reanpackaging.com\/wp-content\/uploads\/2023\/09\/1-min-4-768x768.jpg 768w, https:\/\/reanpackaging.com\/wp-content\/uploads\/2023\/09\/1-min-4-600x600.jpg 600w, https:\/\/reanpackaging.com\/wp-content\/uploads\/2023\/09\/1-min-4-100x100.jpg 100w, https:\/\/reanpackaging.com\/wp-content\/uploads\/2023\/09\/1-min-4.jpg 800w\" sizes=\"(max-width: 1301px) 100vw, 1301px\" \/><\/p>\n<p><img decoding=\"async\" class=\"alignnone wp-image-6724\" src=\"http:\/\/ibn.wyd.mybluehost.me\/reanpackaging.com\/wp-content\/uploads\/2023\/09\/2-min-3-300x300.jpg\" alt=\"velkoobchod s vlastn\u00edm logem opakovan\u011b pou\u017eiteln\u00e9 pap\u00edrov\u00e9 obalov\u00e9 ta\u0161ky pro mal\u00e9 podniky oby\u010dejn\u00e9 levn\u00e9 hn\u011bd\u00e9 pap\u00edrov\u00e9 ta\u0161ky s uchy\" width=\"1301\" height=\"1301\" srcset=\"https:\/\/reanpackaging.com\/wp-content\/uploads\/2023\/09\/2-min-3-300x300.jpg 300w, https:\/\/reanpackaging.com\/wp-content\/uploads\/2023\/09\/2-min-3-150x150.jpg 150w, https:\/\/reanpackaging.com\/wp-content\/uploads\/2023\/09\/2-min-3-768x768.jpg 768w, https:\/\/reanpackaging.com\/wp-content\/uploads\/2023\/09\/2-min-3-600x600.jpg 600w, https:\/\/reanpackaging.com\/wp-content\/uploads\/2023\/09\/2-min-3-100x100.jpg 100w, https:\/\/reanpackaging.com\/wp-content\/uploads\/2023\/09\/2-min-3.jpg 800w\" sizes=\"(max-width: 1301px) 100vw, 1301px\" \/><\/p>\n<p><img decoding=\"async\" class=\"alignnone wp-image-6726\" src=\"http:\/\/ibn.wyd.mybluehost.me\/reanpackaging.com\/wp-content\/uploads\/2023\/09\/3-min-4-187x300.jpg\" alt=\"velkoobchod s vlastn\u00edm logem opakovan\u011b pou\u017eiteln\u00e9 pap\u00edrov\u00e9 obalov\u00e9 ta\u0161ky pro mal\u00e9 podniky oby\u010dejn\u00e9 levn\u00e9 hn\u011bd\u00e9 pap\u00edrov\u00e9 ta\u0161ky s uchy\" width=\"1302\" height=\"2089\" srcset=\"https:\/\/reanpackaging.com\/wp-content\/uploads\/2023\/09\/3-min-4-187x300.jpg 187w, https:\/\/reanpackaging.com\/wp-content\/uploads\/2023\/09\/3-min-4-639x1024.jpg 639w, https:\/\/reanpackaging.com\/wp-content\/uploads\/2023\/09\/3-min-4-768x1231.jpg 768w, https:\/\/reanpackaging.com\/wp-content\/uploads\/2023\/09\/3-min-4-600x962.jpg 600w\" sizes=\"(max-width: 1302px) 100vw, 1302px\" \/><\/p>\n<p><img loading=\"lazy\" decoding=\"async\" class=\"alignnone wp-image-6730\" src=\"http:\/\/ibn.wyd.mybluehost.me\/reanpackaging.com\/wp-content\/uploads\/2023\/09\/4-min-4-214x300.jpg\" alt=\"velkoobchod s vlastn\u00edm logem opakovan\u011b pou\u017eiteln\u00e9 pap\u00edrov\u00e9 obalov\u00e9 ta\u0161ky pro mal\u00e9 podniky oby\u010dejn\u00e9 levn\u00e9 hn\u011bd\u00e9 pap\u00edrov\u00e9 ta\u0161ky s uchy\" width=\"1282\" height=\"1797\" srcset=\"https:\/\/reanpackaging.com\/wp-content\/uploads\/2023\/09\/4-min-4-214x300.jpg 214w, https:\/\/reanpackaging.com\/wp-content\/uploads\/2023\/09\/4-min-4-730x1024.jpg 730w, https:\/\/reanpackaging.com\/wp-content\/uploads\/2023\/09\/4-min-4-768x1077.jpg 768w, https:\/\/reanpackaging.com\/wp-content\/uploads\/2023\/09\/4-min-4-600x842.jpg 600w, https:\/\/reanpackaging.com\/wp-content\/uploads\/2023\/09\/4-min-4.jpg 790w\" sizes=\"(max-width: 1282px) 100vw, 1282px\" \/><\/p>\n<p>&nbsp;<\/p>\n<p><img loading=\"lazy\" decoding=\"async\" class=\"alignnone wp-image-6737\" src=\"http:\/\/ibn.wyd.mybluehost.me\/reanpackaging.com\/wp-content\/uploads\/2023\/09\/6-min-3-189x300.jpg\" alt=\"velkoobchod s vlastn\u00edm logem opakovan\u011b pou\u017eiteln\u00e9 pap\u00edrov\u00e9 obalov\u00e9 ta\u0161ky pro mal\u00e9 podniky oby\u010dejn\u00e9 levn\u00e9 hn\u011bd\u00e9 pap\u00edrov\u00e9 ta\u0161ky s uchy\" width=\"1265\" height=\"2008\" srcset=\"https:\/\/reanpackaging.com\/wp-content\/uploads\/2023\/09\/6-min-3-189x300.jpg 189w, https:\/\/reanpackaging.com\/wp-content\/uploads\/2023\/09\/6-min-3-646x1024.jpg 646w, https:\/\/reanpackaging.com\/wp-content\/uploads\/2023\/09\/6-min-3-600x951.jpg 600w\" sizes=\"(max-width: 1265px) 100vw, 1265px\" \/><\/p>\n<p><img loading=\"lazy\" decoding=\"async\" class=\"alignnone wp-image-6739\" src=\"http:\/\/ibn.wyd.mybluehost.me\/reanpackaging.com\/wp-content\/uploads\/2023\/09\/7-min-4-187x300.jpg\" alt=\"velkoobchod s vlastn\u00edm logem opakovan\u011b pou\u017eiteln\u00e9 pap\u00edrov\u00e9 obalov\u00e9 ta\u0161ky pro mal\u00e9 podniky oby\u010dejn\u00e9 levn\u00e9 hn\u011bd\u00e9 pap\u00edrov\u00e9 ta\u0161ky s uchy\" width=\"1257\" height=\"2017\" srcset=\"https:\/\/reanpackaging.com\/wp-content\/uploads\/2023\/09\/7-min-4-187x300.jpg 187w, https:\/\/reanpackaging.com\/wp-content\/uploads\/2023\/09\/7-min-4-639x1024.jpg 639w, https:\/\/reanpackaging.com\/wp-content\/uploads\/2023\/09\/7-min-4-768x1231.jpg 768w, https:\/\/reanpackaging.com\/wp-content\/uploads\/2023\/09\/7-min-4-600x962.jpg 600w\" sizes=\"(max-width: 1257px) 100vw, 1257px\" \/><\/p>\n<p><img loading=\"lazy\" decoding=\"async\" class=\"alignnone wp-image-6741\" src=\"http:\/\/ibn.wyd.mybluehost.me\/reanpackaging.com\/wp-content\/uploads\/2023\/09\/8-min-4-187x300.jpg\" alt=\"velkoobchod s vlastn\u00edm logem opakovan\u011b pou\u017eiteln\u00e9 pap\u00edrov\u00e9 obalov\u00e9 ta\u0161ky pro mal\u00e9 podniky oby\u010dejn\u00e9 levn\u00e9 hn\u011bd\u00e9 pap\u00edrov\u00e9 ta\u0161ky s uchy\" width=\"1245\" height=\"1997\" srcset=\"https:\/\/reanpackaging.com\/wp-content\/uploads\/2023\/09\/8-min-4-187x300.jpg 187w, https:\/\/reanpackaging.com\/wp-content\/uploads\/2023\/09\/8-min-4-638x1024.jpg 638w, https:\/\/reanpackaging.com\/wp-content\/uploads\/2023\/09\/8-min-4-768x1232.jpg 768w, https:\/\/reanpackaging.com\/wp-content\/uploads\/2023\/09\/8-min-4-600x962.jpg 600w, https:\/\/reanpackaging.com\/wp-content\/uploads\/2023\/09\/8-min-4.jpg 790w\" sizes=\"(max-width: 1245px) 100vw, 1245px\" \/><\/p>\n<p><img loading=\"lazy\" decoding=\"async\" class=\"alignnone wp-image-6743\" src=\"http:\/\/ibn.wyd.mybluehost.me\/reanpackaging.com\/wp-content\/uploads\/2023\/09\/9-min-4-300x168.jpg\" alt=\"velkoobchod s vlastn\u00edm logem opakovan\u011b pou\u017eiteln\u00e9 pap\u00edrov\u00e9 obalov\u00e9 ta\u0161ky pro mal\u00e9 podniky oby\u010dejn\u00e9 levn\u00e9 hn\u011bd\u00e9 pap\u00edrov\u00e9 ta\u0161ky s uchy\" width=\"1236\" height=\"692\" srcset=\"https:\/\/reanpackaging.com\/wp-content\/uploads\/2023\/09\/9-min-4-300x168.jpg 300w, https:\/\/reanpackaging.com\/wp-content\/uploads\/2023\/09\/9-min-4-600x336.jpg 600w, https:\/\/reanpackaging.com\/wp-content\/uploads\/2023\/09\/9-min-4.jpg 750w\" sizes=\"(max-width: 1236px) 100vw, 1236px\" \/><\/p>","protected":false},"excerpt":{"rendered":"<p>Industry-Specific Attributes Industrial Use Shoes &amp; clothing Paper Type Kraft Paper Feature Recyclable Other Attributes Place of Origin China Brand Name TOPS Model Number TOPS18 Surface Handling Offset printing Sealing &amp; Handle Hand Length Handle Custom Order Accept Product name Kraft Paper Bag Material Craft Paper Usage Paper gift bag, shopping bag, carrier bag, promotional [&hellip;]<\/p>\n","protected":false},"featured_media":6683,"template":"","meta":{"_seopress_robots_primary_cat":"none","_seopress_titles_title":"","_seopress_titles_desc":"","_seopress_robots_index":"","site-sidebar-layout":"default","site-content-layout":"default","ast-site-content-layout":"default","site-content-style":"default","site-sidebar-style":"default","ast-global-header-display":"","ast-banner-title-visibility":"","ast-main-header-display":"","ast-hfb-above-header-display":"","ast-hfb-below-header-display":"","ast-hfb-mobile-header-display":"","site-post-title":"","ast-breadcrumbs-content":"","ast-featured-img":"","footer-sml-layout":"","ast-disable-related-posts":"","theme-transparent-header-meta":"default","adv-header-id-meta":"","stick-header-meta":"default","header-above-stick-meta":"","header-main-stick-meta":"","header-below-stick-meta":"","astra-migrate-meta-layouts":"set","ast-page-background-enabled":"default","ast-page-background-meta":{"desktop":{"background-color":"","background-image":"","background-repeat":"repeat","background-position":"center center","background-size":"auto","background-attachment":"scroll","background-type":"","background-media":"","overlay-type":"","overlay-color":"","overlay-opacity":"","overlay-gradient":""},"tablet":{"background-color":"","background-image":"","background-repeat":"repeat","background-position":"center center","background-size":"auto","background-attachment":"scroll","background-type":"","background-media":"","overlay-type":"","overlay-color":"","overlay-opacity":"","overlay-gradient":""},"mobile":{"background-color":"","background-image":"","background-repeat":"repeat","background-position":"center center","background-size":"auto","background-attachment":"scroll","background-type":"","background-media":"","overlay-type":"","overlay-color":"","overlay-opacity":"","overlay-gradient":""}},"ast-content-background-meta":{"desktop":{"background-color":"var(--ast-global-color-5)","background-image":"","background-repeat":"repeat","background-position":"center center","background-size":"auto","background-attachment":"scroll","background-type":"","background-media":"","overlay-type":"","overlay-color":"","overlay-opacity":"","overlay-gradient":""},"tablet":{"background-color":"var(--ast-global-color-5)","background-image":"","background-repeat":"repeat","background-position":"center center","background-size":"auto","background-attachment":"scroll","background-type":"","background-media":"","overlay-type":"","overlay-color":"","overlay-opacity":"","overlay-gradient":""},"mobile":{"background-color":"var(--ast-global-color-5)","background-image":"","background-repeat":"repeat","background-position":"center center","background-size":"auto","background-attachment":"scroll","background-type":"","background-media":"","overlay-type":"","overlay-color":"","overlay-opacity":"","overlay-gradient":""}}},"product_brand":[],"product_cat":[40,36,44,34,32,41],"product_tag":[],"class_list":{"0":"post-6682","1":"product","2":"type-product","3":"status-publish","4":"has-post-thumbnail","6":"product_cat-gift-bags","7":"product_cat-kraft-bags","8":"product_cat-paper-bags","9":"product_cat-paper-bags-with-handles","10":"product_cat-retail-packaging","11":"product_cat-shopping-bags","12":"desktop-align-left","13":"tablet-align-left","14":"mobile-align-left","15":"ast-product-gallery-layout-horizontal","16":"ast-product-gallery-with-no-image","17":"ast-product-tabs-layout-horizontal","19":"first","20":"instock","21":"purchasable","22":"product-type-simple"},"_links":{"self":[{"href":"https:\/\/reanpackaging.com\/cs\/wp-json\/wp\/v2\/product\/6682","targetHints":{"allow":["GET"]}}],"collection":[{"href":"https:\/\/reanpackaging.com\/cs\/wp-json\/wp\/v2\/product"}],"about":[{"href":"https:\/\/reanpackaging.com\/cs\/wp-json\/wp\/v2\/types\/product"}],"wp:featuredmedia":[{"embeddable":true,"href":"https:\/\/reanpackaging.com\/cs\/wp-json\/wp\/v2\/media\/6683"}],"wp:attachment":[{"href":"https:\/\/reanpackaging.com\/cs\/wp-json\/wp\/v2\/media?parent=6682"}],"wp:term":[{"taxonomy":"product_brand","embeddable":true,"href":"https:\/\/reanpackaging.com\/cs\/wp-json\/wp\/v2\/product_brand?post=6682"},{"taxonomy":"product_cat","embeddable":true,"href":"https:\/\/reanpackaging.com\/cs\/wp-json\/wp\/v2\/product_cat?post=6682"},{"taxonomy":"product_tag","embeddable":true,"href":"https:\/\/reanpackaging.com\/cs\/wp-json\/wp\/v2\/product_tag?post=6682"}],"curies":[{"name":"wp","href":"https:\/\/api.w.org\/{rel}","templated":true}]}}