{"id":6261,"date":"2023-09-19T03:03:02","date_gmt":"2023-09-19T03:03:02","guid":{"rendered":"http:\/\/ibn.wyd.mybluehost.me\/reanpackaging.com\/product\/factory-manufacturer-bakery-food-printed-brown-kraft-bread-packaging-paper-bags-with-plastic-window\/"},"modified":"2024-10-01T17:00:35","modified_gmt":"2024-10-01T17:00:35","slug":"factory-manufacturer-bakery-food-printed-brown-kraft-bread-packaging-paper-bags-with-plastic-window","status":"publish","type":"product","link":"https:\/\/reanpackaging.com\/es\/producto\/factory-manufacturer-bakery-food-printed-brown-kraft-bread-packaging-paper-bags-with-plastic-window\/","title":{"rendered":"Fabricante de la f\u00e1brica de alimentos de panader\u00eda Impreso Marr\u00f3n Kraft Pan Bolsas de papel de embalaje con ventana de pl\u00e1stico"},"content":{"rendered":"<h4 class=\"md-end-block md-heading md-focus\"><span class=\"md-plain md-expand\">Atributos espec\u00edficos del sector<\/span><\/h4>\n<table class=\"md-table\">\n<tbody>\n<tr class=\"md-end-block md-focus-container\">\n<td><span class=\"td-span md-focus\"><span class=\"md-pair-s md-expand\"><strong><span class=\"md-plain\">Uso industrial<\/span><\/strong><\/span><\/span><\/td>\n<td><span class=\"td-span\"><span class=\"md-plain\">Alimentaci\u00f3n<\/span><\/span><\/td>\n<\/tr>\n<tr class=\"md-end-block\">\n<td><span class=\"td-span\"><span class=\"md-pair-s\"><strong><span class=\"md-plain\">Tipo de papel<\/span><\/strong><\/span><\/span><\/td>\n<td><span class=\"td-span\"><span class=\"md-plain\">Papel Kraft<\/span><\/span><\/td>\n<\/tr>\n<tr class=\"md-end-block md-focus-container\">\n<td><span class=\"td-span\"><span class=\"md-pair-s\"><strong><span class=\"md-plain\">Caracter\u00edstica<\/span><\/strong><\/span><\/span><\/td>\n<td><span class=\"td-span md-focus\"><span class=\"md-plain md-expand\">Reciclable<\/span><\/span><\/td>\n<\/tr>\n<\/tbody>\n<\/table>\n<h4 class=\"md-end-block md-heading md-focus\"><span class=\"md-plain md-expand\">Otros atributos<\/span><\/h4>\n<table class=\"md-table\">\n<tbody>\n<tr class=\"md-end-block md-focus-container\">\n<td><span class=\"td-span md-focus\"><span class=\"md-pair-s md-expand\"><strong><span class=\"md-plain\">Manipulaci\u00f3n de superficies<\/span><\/strong><\/span><\/span><\/td>\n<td><span class=\"td-span\"><span class=\"md-plain\">Impresi\u00f3n en huecograbado<\/span><\/span><\/td>\n<\/tr>\n<tr class=\"md-end-block\">\n<td><span class=\"td-span\"><span class=\"md-pair-s\"><strong><span class=\"md-plain\">Sellado y asa<\/span><\/strong><\/span><\/span><\/td>\n<td><span class=\"td-span\"><span class=\"md-plain\">Sello autoadhesivo<\/span><\/span><\/td>\n<\/tr>\n<tr class=\"md-end-block\">\n<td><span class=\"td-span\"><span class=\"md-pair-s\"><strong><span class=\"md-plain\">Pedido a medida<\/span><\/strong><\/span><\/span><\/td>\n<td><span class=\"td-span\"><span class=\"md-plain\">Acepte<\/span><\/span><\/td>\n<\/tr>\n<tr class=\"md-end-block\">\n<td><span class=\"td-span\"><span class=\"md-pair-s\"><strong><span class=\"md-plain\">Color<\/span><\/strong><\/span><\/span><\/td>\n<td><span class=\"td-span\"><span class=\"md-plain\">Color personalizado<\/span><\/span><\/td>\n<\/tr>\n<tr class=\"md-end-block\">\n<td><span class=\"td-span\"><span class=\"md-pair-s\"><strong><span class=\"md-plain\">Talla<\/span><\/strong><\/span><\/span><\/td>\n<td><span class=\"td-span\"><span class=\"md-plain\">Se aceptan tallas especiales<\/span><\/span><\/td>\n<\/tr>\n<tr class=\"md-end-block\">\n<td><span class=\"td-span\"><span class=\"md-pair-s\"><strong><span class=\"md-plain\">Nombre del producto<\/span><\/strong><\/span><\/span><\/td>\n<td><span class=\"td-span\"><span class=\"md-plain\">Envasado de alimentos para pan Tuerca Comida r\u00e1pida Envasado de bocadillos Bolsa<\/span><\/span><\/td>\n<\/tr>\n<tr class=\"md-end-block\">\n<td><span class=\"td-span\"><span class=\"md-pair-s\"><strong><span class=\"md-plain\">Art\u00edculo<\/span><\/strong><\/span><\/span><\/td>\n<td><span class=\"td-span\"><span class=\"md-plain\">Medio ambiente<\/span><\/span><\/td>\n<\/tr>\n<tr class=\"md-end-block\">\n<td><span class=\"td-span\"><span class=\"md-pair-s\"><strong><span class=\"md-plain\">Logotipo<\/span><\/strong><\/span><\/span><\/td>\n<td><span class=\"td-span\"><span class=\"md-plain\">Acepta logotipos personalizados<\/span><\/span><\/td>\n<\/tr>\n<tr class=\"md-end-block\">\n<td><span class=\"td-span\"><span class=\"md-pair-s\"><strong><span class=\"md-plain\">Certificado<\/span><\/strong><\/span><\/span><\/td>\n<td><span class=\"td-span\"><span class=\"md-plain\">SGS\/FSC\/EMC\/QMC<\/span><\/span><\/td>\n<\/tr>\n<tr class=\"md-end-block\">\n<td><span class=\"td-span\"><span class=\"md-pair-s\"><strong><span class=\"md-plain\">Impresi\u00f3n<\/span><\/strong><\/span><\/span><\/td>\n<td><span class=\"td-span\"><span class=\"md-plain\">Impresi\u00f3n gr\u00e1fica<\/span><\/span><\/td>\n<\/tr>\n<tr class=\"md-end-block\">\n<td><span class=\"td-span\"><span class=\"md-pair-s\"><strong><span class=\"md-plain\">Espesor<\/span><\/strong><\/span><\/span><\/td>\n<td><span class=\"td-span\"><span class=\"md-plain\">Presas del cliente<\/span><\/span><\/td>\n<\/tr>\n<tr class=\"md-end-block\">\n<td><span class=\"td-span\"><span class=\"md-pair-s\"><strong><span class=\"md-plain\">Uso industrial<\/span><\/strong><\/span><\/span><\/td>\n<td><span class=\"td-span\"><span class=\"md-plain\">Envasado de alimentos y bebidas<\/span><\/span><\/td>\n<\/tr>\n<tr class=\"md-end-block md-focus-container\">\n<td><span class=\"td-span\"><span class=\"md-pair-s\"><strong><span class=\"md-plain\">Utilice<\/span><\/strong><\/span><\/span><\/td>\n<td><span class=\"td-span md-focus\"><span class=\"md-plain md-expand\">Envasado de productos de panader\u00eda<\/span><\/span><\/td>\n<\/tr>\n<\/tbody>\n<\/table>\n<p>&nbsp;<\/p>\n<p><img fetchpriority=\"high\" decoding=\"async\" class=\"alignnone wp-image-6332\" src=\"http:\/\/ibn.wyd.mybluehost.me\/reanpackaging.com\/wp-content\/uploads\/2023\/09\/2-min-1-300x300.jpg\" alt=\"2-F\u00e1brica Fabricante Panader\u00eda Alimentos Impreso Marr\u00f3n Kraft Pan Embalaje Bolsas De Papel Con Ventana De Pl\u00e1stico - descripci\u00f3n\" width=\"1343\" height=\"1343\" srcset=\"https:\/\/reanpackaging.com\/wp-content\/uploads\/2023\/09\/2-min-1-300x300.jpg 300w, https:\/\/reanpackaging.com\/wp-content\/uploads\/2023\/09\/2-min-1-150x150.jpg 150w, https:\/\/reanpackaging.com\/wp-content\/uploads\/2023\/09\/2-min-1-768x768.jpg 768w, https:\/\/reanpackaging.com\/wp-content\/uploads\/2023\/09\/2-min-1-600x600.jpg 600w, https:\/\/reanpackaging.com\/wp-content\/uploads\/2023\/09\/2-min-1-100x100.jpg 100w, https:\/\/reanpackaging.com\/wp-content\/uploads\/2023\/09\/2-min-1.jpg 800w\" sizes=\"(max-width: 1343px) 100vw, 1343px\" \/><\/p>\n<p><img decoding=\"async\" class=\"alignnone wp-image-6333\" src=\"http:\/\/ibn.wyd.mybluehost.me\/reanpackaging.com\/wp-content\/uploads\/2023\/09\/3-min-2-300x300.jpg\" alt=\"3-F\u00e1brica Fabricante Panader\u00eda Alimentos Impreso Marr\u00f3n Kraft Pan Embalaje Bolsas De Papel Con Ventana De Pl\u00e1stico - descripci\u00f3n\" width=\"1337\" height=\"1337\" srcset=\"https:\/\/reanpackaging.com\/wp-content\/uploads\/2023\/09\/3-min-2-300x300.jpg 300w, https:\/\/reanpackaging.com\/wp-content\/uploads\/2023\/09\/3-min-2-150x150.jpg 150w, https:\/\/reanpackaging.com\/wp-content\/uploads\/2023\/09\/3-min-2-768x768.jpg 768w, https:\/\/reanpackaging.com\/wp-content\/uploads\/2023\/09\/3-min-2-600x600.jpg 600w, https:\/\/reanpackaging.com\/wp-content\/uploads\/2023\/09\/3-min-2-100x100.jpg 100w, https:\/\/reanpackaging.com\/wp-content\/uploads\/2023\/09\/3-min-2.jpg 800w\" sizes=\"(max-width: 1337px) 100vw, 1337px\" \/><\/p>\n<p><img decoding=\"async\" class=\"alignnone wp-image-6334\" src=\"http:\/\/ibn.wyd.mybluehost.me\/reanpackaging.com\/wp-content\/uploads\/2023\/09\/4-min-2-300x300.jpg\" alt=\"4-F\u00e1brica Fabricante Panader\u00eda Alimentos Impreso Marr\u00f3n Kraft Pan Embalaje Bolsas De Papel Con Ventana De Pl\u00e1stico - descripci\u00f3n\" width=\"1341\" height=\"1341\" srcset=\"https:\/\/reanpackaging.com\/wp-content\/uploads\/2023\/09\/4-min-2-300x300.jpg 300w, https:\/\/reanpackaging.com\/wp-content\/uploads\/2023\/09\/4-min-2-150x150.jpg 150w, https:\/\/reanpackaging.com\/wp-content\/uploads\/2023\/09\/4-min-2-768x768.jpg 768w, https:\/\/reanpackaging.com\/wp-content\/uploads\/2023\/09\/4-min-2-600x600.jpg 600w, https:\/\/reanpackaging.com\/wp-content\/uploads\/2023\/09\/4-min-2-100x100.jpg 100w, https:\/\/reanpackaging.com\/wp-content\/uploads\/2023\/09\/4-min-2.jpg 800w\" sizes=\"(max-width: 1341px) 100vw, 1341px\" \/><\/p>\n<p><img loading=\"lazy\" decoding=\"async\" class=\"alignnone wp-image-6335\" src=\"http:\/\/ibn.wyd.mybluehost.me\/reanpackaging.com\/wp-content\/uploads\/2023\/09\/5-min-2-300x300.jpg\" alt=\"5-F\u00e1brica Fabricante Panader\u00eda Alimentos Impreso Marr\u00f3n Kraft Pan Embalaje Bolsas De Papel Con Ventana De Pl\u00e1stico - descripci\u00f3n\" width=\"1332\" height=\"1332\" srcset=\"https:\/\/reanpackaging.com\/wp-content\/uploads\/2023\/09\/5-min-2-300x300.jpg 300w, https:\/\/reanpackaging.com\/wp-content\/uploads\/2023\/09\/5-min-2-150x150.jpg 150w, https:\/\/reanpackaging.com\/wp-content\/uploads\/2023\/09\/5-min-2-768x768.jpg 768w, https:\/\/reanpackaging.com\/wp-content\/uploads\/2023\/09\/5-min-2-600x600.jpg 600w, https:\/\/reanpackaging.com\/wp-content\/uploads\/2023\/09\/5-min-2-100x100.jpg 100w, https:\/\/reanpackaging.com\/wp-content\/uploads\/2023\/09\/5-min-2.jpg 800w\" sizes=\"(max-width: 1332px) 100vw, 1332px\" \/><\/p>\n<p>&nbsp;<\/p>\n<p><img loading=\"lazy\" decoding=\"async\" class=\"alignnone wp-image-6338\" src=\"http:\/\/ibn.wyd.mybluehost.me\/reanpackaging.com\/wp-content\/uploads\/2023\/09\/7-min-1-300x300.jpg\" alt=\"7-F\u00e1brica Fabricante Panader\u00eda Alimentos Impreso Marr\u00f3n Kraft Pan Embalaje Bolsas De Papel Con Ventana De Pl\u00e1stico - descripci\u00f3n\" width=\"1326\" height=\"1326\" srcset=\"https:\/\/reanpackaging.com\/wp-content\/uploads\/2023\/09\/7-min-1-300x300.jpg 300w, https:\/\/reanpackaging.com\/wp-content\/uploads\/2023\/09\/7-min-1-150x150.jpg 150w, https:\/\/reanpackaging.com\/wp-content\/uploads\/2023\/09\/7-min-1-600x600.jpg 600w, https:\/\/reanpackaging.com\/wp-content\/uploads\/2023\/09\/7-min-1-100x100.jpg 100w, https:\/\/reanpackaging.com\/wp-content\/uploads\/2023\/09\/7-min-1.jpg 750w\" sizes=\"(max-width: 1326px) 100vw, 1326px\" \/><\/p>\n<p><img loading=\"lazy\" decoding=\"async\" class=\"alignnone wp-image-6339\" src=\"http:\/\/ibn.wyd.mybluehost.me\/reanpackaging.com\/wp-content\/uploads\/2023\/09\/8-min-1-300x291.jpg\" alt=\"8-F\u00e1brica Fabricante Panader\u00eda Alimentos Impreso Marr\u00f3n Kraft Pan Embalaje Bolsas De Papel Con Ventana De Pl\u00e1stico - descripci\u00f3n\" width=\"1327\" height=\"1287\" srcset=\"https:\/\/reanpackaging.com\/wp-content\/uploads\/2023\/09\/8-min-1-300x291.jpg 300w, https:\/\/reanpackaging.com\/wp-content\/uploads\/2023\/09\/8-min-1-600x582.jpg 600w, https:\/\/reanpackaging.com\/wp-content\/uploads\/2023\/09\/8-min-1.jpg 749w\" sizes=\"(max-width: 1327px) 100vw, 1327px\" \/><\/p>\n<p><img loading=\"lazy\" decoding=\"async\" class=\"alignnone wp-image-6340\" src=\"http:\/\/ibn.wyd.mybluehost.me\/reanpackaging.com\/wp-content\/uploads\/2023\/09\/9-min-1-300x185.jpg\" alt=\"9-F\u00e1brica Fabricante Panader\u00eda Alimentos Impreso Marr\u00f3n Kraft Pan Embalaje Bolsas De Papel Con Ventana De Pl\u00e1stico - descripci\u00f3n\" width=\"1310\" height=\"808\" srcset=\"https:\/\/reanpackaging.com\/wp-content\/uploads\/2023\/09\/9-min-1-300x185.jpg 300w, https:\/\/reanpackaging.com\/wp-content\/uploads\/2023\/09\/9-min-1-600x370.jpg 600w, https:\/\/reanpackaging.com\/wp-content\/uploads\/2023\/09\/9-min-1.jpg 750w\" sizes=\"(max-width: 1310px) 100vw, 1310px\" \/><\/p>","protected":false},"excerpt":{"rendered":"<p>Industry-Specific Attributes Industrial Use Food Paper Type Kraft Paper Feature Recyclable Other Attributes Surface Handling Gravure printing Sealing &amp; Handle Self Adhesive Seal Custom Order Accept Color Customized Color Size Custom Size Accepted Product name Food Packaging for Bread Nut Fast food Sandwich packing Pouch Item Environmental Logo Accept Customized Logo Certificate SGS\/FSC\/EMC\/QMC Printing Gravnre [&hellip;]<\/p>\n","protected":false},"featured_media":6324,"template":"","meta":{"_seopress_robots_primary_cat":"none","_seopress_titles_title":"","_seopress_titles_desc":"","_seopress_robots_index":"","site-sidebar-layout":"default","site-content-layout":"default","ast-site-content-layout":"default","site-content-style":"default","site-sidebar-style":"default","ast-global-header-display":"","ast-banner-title-visibility":"","ast-main-header-display":"","ast-hfb-above-header-display":"","ast-hfb-below-header-display":"","ast-hfb-mobile-header-display":"","site-post-title":"","ast-breadcrumbs-content":"","ast-featured-img":"","footer-sml-layout":"","ast-disable-related-posts":"","theme-transparent-header-meta":"default","adv-header-id-meta":"","stick-header-meta":"default","header-above-stick-meta":"","header-main-stick-meta":"","header-below-stick-meta":"","astra-migrate-meta-layouts":"set","ast-page-background-enabled":"default","ast-page-background-meta":{"desktop":{"background-color":"","background-image":"","background-repeat":"repeat","background-position":"center center","background-size":"auto","background-attachment":"scroll","background-type":"","background-media":"","overlay-type":"","overlay-color":"","overlay-opacity":"","overlay-gradient":""},"tablet":{"background-color":"","background-image":"","background-repeat":"repeat","background-position":"center center","background-size":"auto","background-attachment":"scroll","background-type":"","background-media":"","overlay-type":"","overlay-color":"","overlay-opacity":"","overlay-gradient":""},"mobile":{"background-color":"","background-image":"","background-repeat":"repeat","background-position":"center center","background-size":"auto","background-attachment":"scroll","background-type":"","background-media":"","overlay-type":"","overlay-color":"","overlay-opacity":"","overlay-gradient":""}},"ast-content-background-meta":{"desktop":{"background-color":"var(--ast-global-color-5)","background-image":"","background-repeat":"repeat","background-position":"center center","background-size":"auto","background-attachment":"scroll","background-type":"","background-media":"","overlay-type":"","overlay-color":"","overlay-opacity":"","overlay-gradient":""},"tablet":{"background-color":"var(--ast-global-color-5)","background-image":"","background-repeat":"repeat","background-position":"center center","background-size":"auto","background-attachment":"scroll","background-type":"","background-media":"","overlay-type":"","overlay-color":"","overlay-opacity":"","overlay-gradient":""},"mobile":{"background-color":"var(--ast-global-color-5)","background-image":"","background-repeat":"repeat","background-position":"center center","background-size":"auto","background-attachment":"scroll","background-type":"","background-media":"","overlay-type":"","overlay-color":"","overlay-opacity":"","overlay-gradient":""}}},"product_brand":[],"product_cat":[31,30,38,32],"product_tag":[],"class_list":{"0":"post-6261","1":"product","2":"type-product","3":"status-publish","4":"has-post-thumbnail","6":"product_cat-eco-friendly-packaging-wholesale","7":"product_cat-food-packaging","8":"product_cat-plastic-bags","9":"product_cat-retail-packaging","10":"desktop-align-left","11":"tablet-align-left","12":"mobile-align-left","13":"ast-product-gallery-layout-horizontal","14":"ast-product-tabs-layout-horizontal","16":"first","17":"instock","18":"purchasable","19":"product-type-simple"},"_links":{"self":[{"href":"https:\/\/reanpackaging.com\/es\/wp-json\/wp\/v2\/product\/6261","targetHints":{"allow":["GET"]}}],"collection":[{"href":"https:\/\/reanpackaging.com\/es\/wp-json\/wp\/v2\/product"}],"about":[{"href":"https:\/\/reanpackaging.com\/es\/wp-json\/wp\/v2\/types\/product"}],"wp:featuredmedia":[{"embeddable":true,"href":"https:\/\/reanpackaging.com\/es\/wp-json\/wp\/v2\/media\/6324"}],"wp:attachment":[{"href":"https:\/\/reanpackaging.com\/es\/wp-json\/wp\/v2\/media?parent=6261"}],"wp:term":[{"taxonomy":"product_brand","embeddable":true,"href":"https:\/\/reanpackaging.com\/es\/wp-json\/wp\/v2\/product_brand?post=6261"},{"taxonomy":"product_cat","embeddable":true,"href":"https:\/\/reanpackaging.com\/es\/wp-json\/wp\/v2\/product_cat?post=6261"},{"taxonomy":"product_tag","embeddable":true,"href":"https:\/\/reanpackaging.com\/es\/wp-json\/wp\/v2\/product_tag?post=6261"}],"curies":[{"name":"wp","href":"https:\/\/api.w.org\/{rel}","templated":true}]}}